{"id":215,"date":"2024-10-05T20:37:55","date_gmt":"2024-10-05T18:37:55","guid":{"rendered":"https:\/\/grupos.csic.edu.uy\/nimee\/?page_id=215"},"modified":"2024-10-06T00:38:39","modified_gmt":"2024-10-05T22:38:39","slug":"cursos-seminarios","status":"publish","type":"page","link":"https:\/\/grupos.csic.edu.uy\/nimee\/cursos-seminarios\/","title":{"rendered":"Cursos \/ Seminarios"},"content":{"rendered":"\n<div class=\"wp-block-group grilla_cursos has-base-background-color has-background is-layout-grid wp-container-core-group-is-layout-0fb72dee wp-block-group-is-layout-grid\" style=\"margin-top:var(--wp--preset--spacing--medium)\">\n<div class=\"wp-block-group is-style-column-box-shadow has-background has-global-padding is-layout-constrained wp-container-core-group-is-layout-9a4c8acf wp-block-group-is-layout-constrained\" style=\"background-color:#f4f4f4;padding-top:var(--wp--preset--spacing--small);padding-right:var(--wp--preset--spacing--small);padding-bottom:var(--wp--preset--spacing--small);padding-left:var(--wp--preset--spacing--small)\">\n<h2 class=\"wp-block-heading has-base-font-size\"><strong>Psicometr\u00eda<\/strong><\/h2>\n\n\n\n<p class=\"has-base-font-size\">Responsable: <strong>Mario Luzardo<\/strong><\/p>\n\n\n\n<p class=\"has-x-small-font-size\">Curso de grado. Licenciatura en Psicolog\u00eda, Udelar.<br><\/p>\n<\/div>\n\n\n\n<div class=\"wp-block-group is-style-column-box-shadow has-background has-global-padding is-layout-constrained wp-container-core-group-is-layout-9a4c8acf wp-block-group-is-layout-constrained\" style=\"background-color:#f4f4f4;padding-top:var(--wp--preset--spacing--small);padding-right:var(--wp--preset--spacing--small);padding-bottom:var(--wp--preset--spacing--small);padding-left:var(--wp--preset--spacing--small)\">\n<h2 class=\"wp-block-heading has-base-font-size\"><strong>Estad\u00edstica III<\/strong><\/h2>\n\n\n\n<p class=\"has-base-font-size\">Responsable: <strong>Santiago Cardozo Politi<\/strong><\/p>\n\n\n\n<p class=\"has-x-small-font-size\">Curso anual. Grado. Facultad de Ciencias Humanas.<br><\/p>\n<\/div>\n\n\n\n<div class=\"wp-block-group is-style-column-box-shadow has-background has-global-padding is-layout-constrained wp-container-core-group-is-layout-9a4c8acf wp-block-group-is-layout-constrained\" style=\"background-color:#f4f4f4;padding-top:var(--wp--preset--spacing--small);padding-right:var(--wp--preset--spacing--small);padding-bottom:var(--wp--preset--spacing--small);padding-left:var(--wp--preset--spacing--small)\">\n<h2 class=\"wp-block-heading has-base-font-size\"><strong>Dise\u00f1o y validaci\u00f3n de instrumentos de evaluaci\u00f3n educativa<\/strong><\/h2>\n\n\n\n<p class=\"has-base-font-size\">Responsable: <strong>Pilar Rodr\u00edguez <\/strong><\/p>\n\n\n\n<p class=\"has-x-small-font-size\">Curso anual. Maestr\u00eda y Educaci\u00f3n Permanente. Centro Universitario Regional Este (Udelar)<\/p>\n<\/div>\n\n\n\n<div class=\"wp-block-group is-style-column-box-shadow has-background has-global-padding is-layout-constrained wp-container-core-group-is-layout-9a4c8acf wp-block-group-is-layout-constrained\" style=\"background-color:#f4f4f4;padding-top:var(--wp--preset--spacing--small);padding-right:var(--wp--preset--spacing--small);padding-bottom:var(--wp--preset--spacing--small);padding-left:var(--wp--preset--spacing--small)\">\n<h2 class=\"wp-block-heading has-base-font-size\"><strong>Estad\u00edstica multivariada y an\u00e1lisis estad\u00edstico<\/strong><\/h2>\n\n\n\n<p class=\"has-base-font-size\">Responsable: <strong>Mario Luzardo<\/strong><\/p>\n\n\n\n<p class=\"has-x-small-font-size\">Curso de posgrado, Facultad de Psicolog\u00eda, Udelar.<\/p>\n<\/div>\n\n\n\n<div class=\"wp-block-group is-style-column-box-shadow has-background has-global-padding is-layout-constrained wp-container-core-group-is-layout-9a4c8acf wp-block-group-is-layout-constrained\" style=\"background-color:#f4f4f4;padding-top:var(--wp--preset--spacing--small);padding-right:var(--wp--preset--spacing--small);padding-bottom:var(--wp--preset--spacing--small);padding-left:var(--wp--preset--spacing--small)\">\n<h2 class=\"wp-block-heading has-base-font-size\"><strong>Evaluaci\u00f3n educativa<\/strong><\/h2>\n\n\n\n<p class=\"has-base-font-size\">Responsable: <strong>Pilar Rodr\u00edguez y Juan Soca<\/strong><\/p>\n\n\n\n<p class=\"has-x-small-font-size\">Un curso por cohorte. Maestr\u00eda en Ense\u00f1anza Universitaria, Udelar.<\/p>\n<\/div>\n\n\n\n<div class=\"wp-block-group is-style-column-box-shadow has-background has-global-padding is-layout-constrained wp-container-core-group-is-layout-9a4c8acf wp-block-group-is-layout-constrained\" style=\"background-color:#f4f4f4;padding-top:var(--wp--preset--spacing--small);padding-right:var(--wp--preset--spacing--small);padding-bottom:var(--wp--preset--spacing--small);padding-left:var(--wp--preset--spacing--small)\">\n<h2 class=\"wp-block-heading has-base-font-size\"><strong>Dise\u00f1o de pol\u00edticas y evaluaci\u00f3n de procesos<\/strong><\/h2>\n\n\n\n<p class=\"has-base-font-size\">Responsable: <strong>Pilar Rodr\u00edguez y Juan Soca<\/strong><\/p>\n\n\n\n<p class=\"has-x-small-font-size\">Un curso por cohorte. Maestr\u00eda en Pol\u00edticas P\u00fablicas, Facultad de Ciencias Sociales.<\/p>\n<\/div>\n\n\n\n<div class=\"wp-block-group is-style-column-box-shadow has-background has-global-padding is-layout-constrained wp-container-core-group-is-layout-9a4c8acf wp-block-group-is-layout-constrained\" style=\"background-color:#f4f4f4;padding-top:var(--wp--preset--spacing--small);padding-right:var(--wp--preset--spacing--small);padding-bottom:var(--wp--preset--spacing--small);padding-left:var(--wp--preset--spacing--small)\">\n<h2 class=\"wp-block-heading has-base-font-size\"><strong>Metodolog\u00eda Cuantitativa II<\/strong><\/h2>\n\n\n\n<p class=\"has-base-font-size\">Responsable: <strong>Santiago Cardozo Politi<\/strong><\/p>\n\n\n\n<p class=\"has-x-small-font-size\">Anual. Grado. Facultad de Ciencias Sociales (Udelar)<\/p>\n<\/div>\n\n\n\n<div class=\"wp-block-group is-style-column-box-shadow has-background has-global-padding is-layout-constrained wp-container-core-group-is-layout-9a4c8acf wp-block-group-is-layout-constrained\" style=\"background-color:#f4f4f4;padding-top:var(--wp--preset--spacing--small);padding-right:var(--wp--preset--spacing--small);padding-bottom:var(--wp--preset--spacing--small);padding-left:var(--wp--preset--spacing--small)\">\n<h2 class=\"wp-block-heading has-base-font-size\"><strong>Modelos b\u00e1sicos de Teor\u00eda de Respuesta al \u00cdtem<\/strong><\/h2>\n\n\n\n<p class=\"has-base-font-size\">Responsable: <strong>Mario Luzardo<\/strong><\/p>\n\n\n\n<p class=\"has-x-small-font-size\">Curso semestral. Educaci\u00f3n Permanente, Maestr\u00eda y Doctorado. Facultad de Psicolog\u00eda (Udelar)<\/p>\n<\/div>\n\n\n\n<div class=\"wp-block-group is-style-column-box-shadow has-background has-global-padding is-layout-constrained wp-container-core-group-is-layout-9a4c8acf wp-block-group-is-layout-constrained\" style=\"background-color:#f4f4f4;padding-top:var(--wp--preset--spacing--small);padding-right:var(--wp--preset--spacing--small);padding-bottom:var(--wp--preset--spacing--small);padding-left:var(--wp--preset--spacing--small)\">\n<h2 class=\"wp-block-heading has-base-font-size\"><strong>Psicometr\u00eda<\/strong><\/h2>\n\n\n\n<p class=\"has-base-font-size\">Responsable: <strong>Mauricio Castillo<\/strong><\/p>\n\n\n\n<p class=\"has-x-small-font-size\">Curso semestral. Unidad Curricular Obligatoria de grado. Facultad de Psicolog\u00eda (Universidad Cat\u00f3lica del Uruguay)<\/p>\n<\/div>\n\n\n\n<div class=\"wp-block-group is-style-column-box-shadow has-background has-global-padding is-layout-constrained wp-container-core-group-is-layout-9a4c8acf wp-block-group-is-layout-constrained\" style=\"background-color:#f4f4f4;padding-top:var(--wp--preset--spacing--small);padding-right:var(--wp--preset--spacing--small);padding-bottom:var(--wp--preset--spacing--small);padding-left:var(--wp--preset--spacing--small)\">\n<h2 class=\"wp-block-heading has-base-font-size\"><strong>Seminario de Investigaci\u00f3n en Evaluaci\u00f3n Educativa Estandarizada<\/strong><\/h2>\n\n\n\n<p class=\"has-base-font-size\">Responsable: <strong>Mario Luzardo y Pilar Rodr\u00edguez<\/strong><\/p>\n\n\n\n<p class=\"has-x-small-font-size\">Curso bianual. Grado.<\/p>\n<\/div>\n\n\n\n<div class=\"wp-block-group is-style-column-box-shadow has-background has-global-padding is-layout-constrained wp-container-core-group-is-layout-9a4c8acf wp-block-group-is-layout-constrained\" style=\"background-color:#f4f4f4;padding-top:var(--wp--preset--spacing--small);padding-right:var(--wp--preset--spacing--small);padding-bottom:var(--wp--preset--spacing--small);padding-left:var(--wp--preset--spacing--small)\">\n<h2 class=\"wp-block-heading has-base-font-size\"><strong>Seminario: Teor\u00eda de respuesta al \u00edtem multidimensional<\/strong><\/h2>\n\n\n\n<p class=\"has-base-font-size\">Responsable: <strong>Mario Luzardo<\/strong><\/p>\n\n\n\n<p class=\"has-x-small-font-size\">Curso de Educaci\u00f3n Permanente, Maestr\u00eda y Doctorado. Facultad de Psicolog\u00eda, Udelar.<\/p>\n<\/div>\n\n\n\n<div class=\"wp-block-group is-style-column-box-shadow has-background has-global-padding is-layout-constrained wp-container-core-group-is-layout-9a4c8acf wp-block-group-is-layout-constrained\" style=\"background-color:#f4f4f4;padding-top:var(--wp--preset--spacing--small);padding-right:var(--wp--preset--spacing--small);padding-bottom:var(--wp--preset--spacing--small);padding-left:var(--wp--preset--spacing--small)\">\n<h2 class=\"wp-block-heading has-base-font-size\"><strong>Seminario: Procedimientos de validaci\u00f3n para instrumentos de evaluaci\u00f3n educativa<\/strong><\/h2>\n\n\n\n<p class=\"has-base-font-size\">Responsable: <strong>Pilar Rodr\u00edguez y Juan Soca<\/strong><\/p>\n\n\n\n<p class=\"has-primary-color has-text-color has-link-color has-x-small-font-size wp-elements-9b5d6479df0472ee1b84af7acfc53e0a\">Seminario desarrollado para el Departamento de Educaci\u00f3n M\u00e9dica de la Facultad de Medicina.&nbsp;Video del seminario: <a href=\"https:\/\/www.youtube.com\/watch?v=tPSiIHBEo4c\">Procedimientos de validaci\u00f3n para instrumentos de evaluaci\u00f3n educativa (youtube.com)<\/a><\/p>\n\n\n\n<p class=\"has-x-small-font-size\"><\/p>\n<\/div>\n<\/div>\n\n\n\n<h2 class=\"wp-block-heading\"><strong>Pr\u00f3ximos cursos<\/strong><\/h2>\n\n\n\n<div class=\"wp-block-group grilla_cursos has-base-background-color has-background is-layout-grid wp-container-core-group-is-layout-0fb72dee wp-block-group-is-layout-grid\" style=\"margin-top:var(--wp--preset--spacing--medium)\">\n<div class=\"wp-block-group is-style-column-box-shadow has-background has-global-padding is-layout-constrained wp-container-core-group-is-layout-9a4c8acf wp-block-group-is-layout-constrained\" style=\"background-color:#f4f4f4;padding-top:var(--wp--preset--spacing--small);padding-right:var(--wp--preset--spacing--small);padding-bottom:var(--wp--preset--spacing--small);padding-left:var(--wp--preset--spacing--small)\">\n<h2 class=\"wp-block-heading has-base-font-size\"><strong>Construcci\u00f3n de \u00edtems para instrumentos de evaluaci\u00f3n educativa y psicol\u00f3gica<\/strong><\/h2>\n\n\n\n<p class=\"has-base-font-size\">Responsable: <strong>Juan Soca <\/strong><\/p>\n\n\n\n<p class=\"has-x-small-font-size\">Curso bianual. Grado y Maestr\u00eda.<\/p>\n<\/div>\n\n\n\n<div class=\"wp-block-group is-style-column-box-shadow has-background has-global-padding is-layout-constrained wp-container-core-group-is-layout-9a4c8acf wp-block-group-is-layout-constrained\" style=\"background-color:#f4f4f4;padding-top:var(--wp--preset--spacing--small);padding-right:var(--wp--preset--spacing--small);padding-bottom:var(--wp--preset--spacing--small);padding-left:var(--wp--preset--spacing--small)\">\n<h2 class=\"wp-block-heading has-base-font-size\"><strong>Evaluaci\u00f3n educativa estandarizada<\/strong><\/h2>\n\n\n\n<p class=\"has-base-font-size\">Responsable: <strong>Pilar Rodr\u00edguez y Mario Luzardo<\/strong><\/p>\n\n\n\n<p class=\"has-x-small-font-size\">Un curso por cohorte. Grado.<\/p>\n<\/div>\n\n\n\n<div class=\"wp-block-group is-style-column-box-shadow has-background has-global-padding is-layout-constrained wp-container-core-group-is-layout-9a4c8acf wp-block-group-is-layout-constrained\" style=\"background-color:#f4f4f4;padding-top:var(--wp--preset--spacing--small);padding-right:var(--wp--preset--spacing--small);padding-bottom:var(--wp--preset--spacing--small);padding-left:var(--wp--preset--spacing--small)\">\n<h2 class=\"wp-block-heading has-base-font-size\"><strong>Aprendizaje estad\u00edstico <\/strong><\/h2>\n\n\n\n<p class=\"has-base-font-size\">Responsable: <strong>Leonardo Moreno y Mario Luzardo<\/strong><\/p>\n\n\n\n<p class=\"has-x-small-font-size\">Un curso por cohorte. Maestr\u00eda y Doctorado.<\/p>\n<\/div>\n\n\n\n<div class=\"wp-block-group is-style-column-box-shadow has-background has-global-padding is-layout-constrained wp-container-core-group-is-layout-9a4c8acf wp-block-group-is-layout-constrained\" style=\"background-color:#f4f4f4;padding-top:var(--wp--preset--spacing--small);padding-right:var(--wp--preset--spacing--small);padding-bottom:var(--wp--preset--spacing--small);padding-left:var(--wp--preset--spacing--small)\">\n<h2 class=\"wp-block-heading has-base-font-size\"><strong>Teor\u00eda de respuesta al \u00edtem <\/strong><\/h2>\n\n\n\n<p class=\"has-base-font-size\">Responsable: <strong>Mario Luzardo <\/strong><\/p>\n\n\n\n<p class=\"has-x-small-font-size\">Un curso por cohorte. Posgrado<\/p>\n<\/div>\n<\/div>\n\n\n\n<p><\/p>\n","protected":false},"excerpt":{"rendered":"<p>Psicometr\u00eda Responsable: Mario Luzardo Curso de grado. Licenciatura en Psicolog\u00eda, Udelar. Estad\u00edstica III Responsable: Santiago Cardozo Politi Curso anual. Grado. Facultad de Ciencias Humanas. Dise\u00f1o y validaci\u00f3n de instrumentos de evaluaci\u00f3n educativa Responsable: Pilar Rodr\u00edguez Curso anual. Maestr\u00eda y Educaci\u00f3n Permanente. Centro Universitario Regional Este (Udelar) Estad\u00edstica multivariada y an\u00e1lisis estad\u00edstico Responsable: Mario Luzardo Curso [&hellip;]<\/p>\n","protected":false},"author":13,"featured_media":0,"parent":0,"menu_order":0,"comment_status":"closed","ping_status":"closed","template":"","meta":{"footnotes":""},"class_list":["post-215","page","type-page","status-publish","hentry"],"_links":{"self":[{"href":"https:\/\/grupos.csic.edu.uy\/nimee\/wp-json\/wp\/v2\/pages\/215","targetHints":{"allow":["GET"]}}],"collection":[{"href":"https:\/\/grupos.csic.edu.uy\/nimee\/wp-json\/wp\/v2\/pages"}],"about":[{"href":"https:\/\/grupos.csic.edu.uy\/nimee\/wp-json\/wp\/v2\/types\/page"}],"author":[{"embeddable":true,"href":"https:\/\/grupos.csic.edu.uy\/nimee\/wp-json\/wp\/v2\/users\/13"}],"replies":[{"embeddable":true,"href":"https:\/\/grupos.csic.edu.uy\/nimee\/wp-json\/wp\/v2\/comments?post=215"}],"version-history":[{"count":8,"href":"https:\/\/grupos.csic.edu.uy\/nimee\/wp-json\/wp\/v2\/pages\/215\/revisions"}],"predecessor-version":[{"id":232,"href":"https:\/\/grupos.csic.edu.uy\/nimee\/wp-json\/wp\/v2\/pages\/215\/revisions\/232"}],"wp:attachment":[{"href":"https:\/\/grupos.csic.edu.uy\/nimee\/wp-json\/wp\/v2\/media?parent=215"}],"curies":[{"name":"wp","href":"https:\/\/api.w.org\/{rel}","templated":true}]}}